{"id":13429,"date":"2024-09-04T12:08:24","date_gmt":"2024-09-04T12:08:24","guid":{"rendered":"https:\/\/www.smekk.be\/product\/brazil-250-g-moulu\/"},"modified":"2026-03-27T13:05:23","modified_gmt":"2026-03-27T13:05:23","slug":"brazil-250-g-moulu","status":"publish","type":"product","link":"https:\/\/www.smekk.be\/fr\/produit\/brazil-250-g-moulu\/","title":{"rendered":"Br\u00e9sil &#8211; caf\u00e9 moulu (250 g)"},"content":{"rendered":"<h1>Torrefactory Brazil (250 g) &#8211; Caf\u00e9 moulu<\/h1>\n<p>D\u00e9couvrez le go\u00fbt doux et \u00e9quilibr\u00e9 du Torrefactory Brazil, un caf\u00e9 moulu <strong>100% arabica<\/strong> provenant de la c\u00e9l\u00e8bre plantation <strong>Fazenda Rio Brilhante<\/strong>, situ\u00e9e dans la r\u00e9gion du Minas Gerais. Ce caf\u00e9 est id\u00e9al pour les amateurs de caf\u00e9s doux et l\u00e9g\u00e8rement amers. La douceur naturelle du grain de caf\u00e9 br\u00e9silien s&rsquo;exprime pleinement.  <\/p>\n<p>&nbsp;<\/p>\n<h2>Un profil aromatique riche de noisette et de caramel<\/h2>\n<p>Gr\u00e2ce \u00e0 la torr\u00e9faction artisanale et soign\u00e9e r\u00e9alis\u00e9e en Belgique, de subtils ar\u00f4mes rappelant <strong>la noisette grill\u00e9e, le chocolat et le sucre brun<\/strong> se d\u00e9ploient pleinement. Le r\u00e9sultat est un caf\u00e9 qui se d\u00e9guste aussi bien noir qu\u2019avec du lait. La <strong>torr\u00e9faction moyenne<\/strong> permet de pr\u00e9server la complexit\u00e9 des saveurs sans que le caf\u00e9 ne devienne trop amer. <\/p>\n<p>&nbsp;<\/p>\n<h2>Durable et \u00e9quitable : Direct Trade<\/h2>\n<p>Chez <a href=\"https:\/\/www.smekk.be\/fr\/boutique\/?filter_merk=torrefactory\">Torrefactory<\/a>, l\u2019humain est au c\u0153ur de chaque d\u00e9marche. Ce caf\u00e9 br\u00e9silien est achet\u00e9 via le principe du <strong>Direct Trade<\/strong>, ce qui signifie que les producteurs de la Fazenda Rio Brilhante re\u00e7oivent un prix \u00e9quitable pour leur savoir-faire. De plus, chaque sachet de caf\u00e9 soutient la <strong>EFICO Foundation<\/strong>, qui investit dans des projets locaux d\u2019\u00e9ducation et d\u2019environnement. Savourez un caf\u00e9 de qualit\u00e9 portant le label \u00ab <strong>Artisan Certifi\u00e9<\/strong> \u00bb, torr\u00e9fi\u00e9 dans le respect de la nature et des producteurs.   <\/p>\n<p>&nbsp;<\/p>\n<h2>D\u00e9couvrez \u00e9galement les autres formats<\/h2>\n<ul>\n<li><a href=\"https:\/\/www.smekk.be\/fr\/produit\/cafe-en-grains-brazil-500-g\/\">Br\u00e9sil grains de caf\u00e9 250 g<\/a><\/li>\n<li><a href=\"https:\/\/www.smekk.be\/fr\/produit\/bresil-grains-de-cafe-1-kg\/\">Br\u00e9sil grains de caf\u00e9 1 kg<\/a><\/li>\n<\/ul>\n<p>&nbsp;<\/p>\n","protected":false},"excerpt":{"rendered":"<p>D\u00e9couvrez le Torrefactory Brazil (250 g), un caf\u00e9 moulu 100 % arabica aux notes subtiles de noisette, de chocolat et de sucre roux. Ce caf\u00e9 torr\u00e9fi\u00e9 de mani\u00e8re artisanale, issu de la Fazenda Rio Brilhante, se caract\u00e9rise par une douceur naturelle et un profil d\u00e9licieusement moelleux. <\/p>\n","protected":false},"featured_media":19171,"comment_status":"open","ping_status":"closed","template":"","meta":{"_acf_changed":false},"product_brand":[],"product_cat":[319,332],"product_tag":[],"class_list":{"0":"post-13429","1":"product","2":"type-product","3":"status-publish","4":"has-post-thumbnail","6":"product_cat-cafe-fr","7":"product_cat-cafe-moulu-fr","9":"first","10":"instock","11":"taxable","12":"shipping-taxable","13":"purchasable","14":"product-type-simple"},"acf":{"ean_code":"5419980166128","alleen_voor_retailers":false,"alleen_voor_particulieren":false,"terug_op_voorraad_vanaf":null,"bulk_discount_threshold":12,"horeca_pack":false,"cera_discount_percentage":""},"yoast_head":"<!-- This site is optimized with the Yoast SEO plugin v27.0 - https:\/\/yoast.com\/product\/yoast-seo-wordpress\/ -->\n<title>Br\u00e9sil - caf\u00e9 moulu (250 g) | smekk<\/title>\n<meta name=\"description\" content=\"D\u00e9couvrez le Torrefactory Brazil (250 g) : un caf\u00e9 100 % arabica moulu aux notes de noisette, de chocolat et de sucre roux.\" \/>\n<meta name=\"robots\" content=\"index, follow, max-snippet:-1, max-image-preview:large, max-video-preview:-1\" \/>\n<link rel=\"canonical\" href=\"https:\/\/www.smekk.be\/fr\/produit\/brazil-250-g-moulu\/\" \/>\n<meta property=\"og:locale\" content=\"fr_FR\" \/>\n<meta property=\"og:type\" content=\"article\" \/>\n<meta property=\"og:title\" content=\"Br\u00e9sil - caf\u00e9 moulu (250 g) | smekk\" \/>\n<meta property=\"og:description\" content=\"D\u00e9couvrez le Torrefactory Brazil (250 g) : un caf\u00e9 100 % arabica moulu aux notes de noisette, de chocolat et de sucre roux.\" \/>\n<meta property=\"og:url\" content=\"https:\/\/www.smekk.be\/fr\/produit\/brazil-250-g-moulu\/\" \/>\n<meta property=\"og:site_name\" content=\"smekk\" \/>\n<meta property=\"article:modified_time\" content=\"2026-03-27T13:05:23+00:00\" \/>\n<meta property=\"og:image\" content=\"https:\/\/www.smekk.be\/wp-content\/uploads\/Torrefactory-Brazil-250g.jpg\" \/>\n\t<meta property=\"og:image:width\" content=\"1080\" \/>\n\t<meta property=\"og:image:height\" content=\"1080\" \/>\n\t<meta property=\"og:image:type\" content=\"image\/jpeg\" \/>\n<meta name=\"twitter:card\" content=\"summary_large_image\" \/>\n<meta name=\"twitter:label1\" content=\"Dur\u00e9e de lecture estim\u00e9e\" \/>\n\t<meta name=\"twitter:data1\" content=\"1 minute\" \/>\n<script type=\"application\/ld+json\" class=\"yoast-schema-graph\">{\"@context\":\"https:\/\/schema.org\",\"@graph\":[{\"@type\":\"WebPage\",\"@id\":\"https:\/\/www.smekk.be\/fr\/produit\/brazil-250-g-moulu\/\",\"url\":\"https:\/\/www.smekk.be\/fr\/produit\/brazil-250-g-moulu\/\",\"name\":\"Br\u00e9sil - caf\u00e9 moulu (250 g) | smekk\",\"isPartOf\":{\"@id\":\"https:\/\/www.smekk.be\/fr\/#website\"},\"primaryImageOfPage\":{\"@id\":\"https:\/\/www.smekk.be\/fr\/produit\/brazil-250-g-moulu\/#primaryimage\"},\"image\":{\"@id\":\"https:\/\/www.smekk.be\/fr\/produit\/brazil-250-g-moulu\/#primaryimage\"},\"thumbnailUrl\":\"https:\/\/www.smekk.be\/wp-content\/uploads\/Torrefactory-Brazil-250g.jpg\",\"datePublished\":\"2024-09-04T12:08:24+00:00\",\"dateModified\":\"2026-03-27T13:05:23+00:00\",\"description\":\"D\u00e9couvrez le Torrefactory Brazil (250 g) : un caf\u00e9 100 % arabica moulu aux notes de noisette, de chocolat et de sucre roux.\",\"breadcrumb\":{\"@id\":\"https:\/\/www.smekk.be\/fr\/produit\/brazil-250-g-moulu\/#breadcrumb\"},\"inLanguage\":\"fr-FR\",\"potentialAction\":[{\"@type\":\"ReadAction\",\"target\":[\"https:\/\/www.smekk.be\/fr\/produit\/brazil-250-g-moulu\/\"]}]},{\"@type\":\"ImageObject\",\"inLanguage\":\"fr-FR\",\"@id\":\"https:\/\/www.smekk.be\/fr\/produit\/brazil-250-g-moulu\/#primaryimage\",\"url\":\"https:\/\/www.smekk.be\/wp-content\/uploads\/Torrefactory-Brazil-250g.jpg\",\"contentUrl\":\"https:\/\/www.smekk.be\/wp-content\/uploads\/Torrefactory-Brazil-250g.jpg\",\"width\":1080,\"height\":1080,\"caption\":\"Ontdek het zachte profiel van Torrefactory Brazil. Een koffie met de rijke aroma's van hazelnoot en chocolade, perfect voor een milde en evenwichtige kop.\"},{\"@type\":\"BreadcrumbList\",\"@id\":\"https:\/\/www.smekk.be\/fr\/produit\/brazil-250-g-moulu\/#breadcrumb\",\"itemListElement\":[{\"@type\":\"ListItem\",\"position\":1,\"name\":\"Home\",\"item\":\"https:\/\/www.smekk.be\/fr\/\"},{\"@type\":\"ListItem\",\"position\":2,\"name\":\"Boutique\",\"item\":\"https:\/\/www.smekk.be\/fr\/boutique\/\"},{\"@type\":\"ListItem\",\"position\":3,\"name\":\"Br\u00e9sil &#8211; caf\u00e9 moulu (250 g)\"}]},{\"@type\":\"WebSite\",\"@id\":\"https:\/\/www.smekk.be\/fr\/#website\",\"url\":\"https:\/\/www.smekk.be\/fr\/\",\"name\":\"Smekk\",\"description\":\"taste the story\",\"publisher\":{\"@id\":\"https:\/\/www.smekk.be\/fr\/#organization\"},\"potentialAction\":[{\"@type\":\"SearchAction\",\"target\":{\"@type\":\"EntryPoint\",\"urlTemplate\":\"https:\/\/www.smekk.be\/fr\/?s={search_term_string}\"},\"query-input\":{\"@type\":\"PropertyValueSpecification\",\"valueRequired\":true,\"valueName\":\"search_term_string\"}}],\"inLanguage\":\"fr-FR\"},{\"@type\":\"Organization\",\"@id\":\"https:\/\/www.smekk.be\/fr\/#organization\",\"name\":\"Smekk\",\"url\":\"https:\/\/www.smekk.be\/fr\/\",\"logo\":{\"@type\":\"ImageObject\",\"inLanguage\":\"fr-FR\",\"@id\":\"https:\/\/www.smekk.be\/fr\/#\/schema\/logo\/image\/\",\"url\":\"https:\/\/www.smekk.be\/wp-content\/uploads\/2024\/04\/Smekk_Logo_RGB_Logo-Origineel-Groen.png\",\"contentUrl\":\"https:\/\/www.smekk.be\/wp-content\/uploads\/2024\/04\/Smekk_Logo_RGB_Logo-Origineel-Groen.png\",\"width\":1920,\"height\":332,\"caption\":\"Smekk\"},\"image\":{\"@id\":\"https:\/\/www.smekk.be\/fr\/#\/schema\/logo\/image\/\"},\"sameAs\":[\"https:\/\/www.instagram.com\/smekkbe\/\"]}]}<\/script>\n<!-- \/ Yoast SEO plugin. -->","yoast_head_json":{"title":"Br\u00e9sil - caf\u00e9 moulu (250 g) | smekk","description":"D\u00e9couvrez le Torrefactory Brazil (250 g) : un caf\u00e9 100 % arabica moulu aux notes de noisette, de chocolat et de sucre roux.","robots":{"index":"index","follow":"follow","max-snippet":"max-snippet:-1","max-image-preview":"max-image-preview:large","max-video-preview":"max-video-preview:-1"},"canonical":"https:\/\/www.smekk.be\/fr\/produit\/brazil-250-g-moulu\/","og_locale":"fr_FR","og_type":"article","og_title":"Br\u00e9sil - caf\u00e9 moulu (250 g) | smekk","og_description":"D\u00e9couvrez le Torrefactory Brazil (250 g) : un caf\u00e9 100 % arabica moulu aux notes de noisette, de chocolat et de sucre roux.","og_url":"https:\/\/www.smekk.be\/fr\/produit\/brazil-250-g-moulu\/","og_site_name":"smekk","article_modified_time":"2026-03-27T13:05:23+00:00","og_image":[{"width":1080,"height":1080,"url":"https:\/\/www.smekk.be\/wp-content\/uploads\/Torrefactory-Brazil-250g.jpg","type":"image\/jpeg"}],"twitter_card":"summary_large_image","twitter_misc":{"Dur\u00e9e de lecture estim\u00e9e":"1 minute"},"schema":{"@context":"https:\/\/schema.org","@graph":[{"@type":"WebPage","@id":"https:\/\/www.smekk.be\/fr\/produit\/brazil-250-g-moulu\/","url":"https:\/\/www.smekk.be\/fr\/produit\/brazil-250-g-moulu\/","name":"Br\u00e9sil - caf\u00e9 moulu (250 g) | smekk","isPartOf":{"@id":"https:\/\/www.smekk.be\/fr\/#website"},"primaryImageOfPage":{"@id":"https:\/\/www.smekk.be\/fr\/produit\/brazil-250-g-moulu\/#primaryimage"},"image":{"@id":"https:\/\/www.smekk.be\/fr\/produit\/brazil-250-g-moulu\/#primaryimage"},"thumbnailUrl":"https:\/\/www.smekk.be\/wp-content\/uploads\/Torrefactory-Brazil-250g.jpg","datePublished":"2024-09-04T12:08:24+00:00","dateModified":"2026-03-27T13:05:23+00:00","description":"D\u00e9couvrez le Torrefactory Brazil (250 g) : un caf\u00e9 100 % arabica moulu aux notes de noisette, de chocolat et de sucre roux.","breadcrumb":{"@id":"https:\/\/www.smekk.be\/fr\/produit\/brazil-250-g-moulu\/#breadcrumb"},"inLanguage":"fr-FR","potentialAction":[{"@type":"ReadAction","target":["https:\/\/www.smekk.be\/fr\/produit\/brazil-250-g-moulu\/"]}]},{"@type":"ImageObject","inLanguage":"fr-FR","@id":"https:\/\/www.smekk.be\/fr\/produit\/brazil-250-g-moulu\/#primaryimage","url":"https:\/\/www.smekk.be\/wp-content\/uploads\/Torrefactory-Brazil-250g.jpg","contentUrl":"https:\/\/www.smekk.be\/wp-content\/uploads\/Torrefactory-Brazil-250g.jpg","width":1080,"height":1080,"caption":"Ontdek het zachte profiel van Torrefactory Brazil. Een koffie met de rijke aroma's van hazelnoot en chocolade, perfect voor een milde en evenwichtige kop."},{"@type":"BreadcrumbList","@id":"https:\/\/www.smekk.be\/fr\/produit\/brazil-250-g-moulu\/#breadcrumb","itemListElement":[{"@type":"ListItem","position":1,"name":"Home","item":"https:\/\/www.smekk.be\/fr\/"},{"@type":"ListItem","position":2,"name":"Boutique","item":"https:\/\/www.smekk.be\/fr\/boutique\/"},{"@type":"ListItem","position":3,"name":"Br\u00e9sil &#8211; caf\u00e9 moulu (250 g)"}]},{"@type":"WebSite","@id":"https:\/\/www.smekk.be\/fr\/#website","url":"https:\/\/www.smekk.be\/fr\/","name":"Smekk","description":"taste the story","publisher":{"@id":"https:\/\/www.smekk.be\/fr\/#organization"},"potentialAction":[{"@type":"SearchAction","target":{"@type":"EntryPoint","urlTemplate":"https:\/\/www.smekk.be\/fr\/?s={search_term_string}"},"query-input":{"@type":"PropertyValueSpecification","valueRequired":true,"valueName":"search_term_string"}}],"inLanguage":"fr-FR"},{"@type":"Organization","@id":"https:\/\/www.smekk.be\/fr\/#organization","name":"Smekk","url":"https:\/\/www.smekk.be\/fr\/","logo":{"@type":"ImageObject","inLanguage":"fr-FR","@id":"https:\/\/www.smekk.be\/fr\/#\/schema\/logo\/image\/","url":"https:\/\/www.smekk.be\/wp-content\/uploads\/2024\/04\/Smekk_Logo_RGB_Logo-Origineel-Groen.png","contentUrl":"https:\/\/www.smekk.be\/wp-content\/uploads\/2024\/04\/Smekk_Logo_RGB_Logo-Origineel-Groen.png","width":1920,"height":332,"caption":"Smekk"},"image":{"@id":"https:\/\/www.smekk.be\/fr\/#\/schema\/logo\/image\/"},"sameAs":["https:\/\/www.instagram.com\/smekkbe\/"]}]}},"jetpack_sharing_enabled":true,"_links":{"self":[{"href":"https:\/\/www.smekk.be\/fr\/wp-json\/wp\/v2\/product\/13429","targetHints":{"allow":["GET"]}}],"collection":[{"href":"https:\/\/www.smekk.be\/fr\/wp-json\/wp\/v2\/product"}],"about":[{"href":"https:\/\/www.smekk.be\/fr\/wp-json\/wp\/v2\/types\/product"}],"replies":[{"embeddable":true,"href":"https:\/\/www.smekk.be\/fr\/wp-json\/wp\/v2\/comments?post=13429"}],"wp:featuredmedia":[{"embeddable":true,"href":"https:\/\/www.smekk.be\/fr\/wp-json\/wp\/v2\/media\/19171"}],"wp:attachment":[{"href":"https:\/\/www.smekk.be\/fr\/wp-json\/wp\/v2\/media?parent=13429"}],"wp:term":[{"taxonomy":"product_brand","embeddable":true,"href":"https:\/\/www.smekk.be\/fr\/wp-json\/wp\/v2\/product_brand?post=13429"},{"taxonomy":"product_cat","embeddable":true,"href":"https:\/\/www.smekk.be\/fr\/wp-json\/wp\/v2\/product_cat?post=13429"},{"taxonomy":"product_tag","embeddable":true,"href":"https:\/\/www.smekk.be\/fr\/wp-json\/wp\/v2\/product_tag?post=13429"}],"curies":[{"name":"wp","href":"https:\/\/api.w.org\/{rel}","templated":true}]}}